{"id":20431,"date":"2023-08-09T20:37:25","date_gmt":"2023-08-09T18:37:25","guid":{"rendered":"http:\/\/ecotechnology.wp.local\/termine\/partec-2019\/"},"modified":"2023-08-09T20:37:25","modified_gmt":"2023-08-09T18:37:25","slug":"partec-2019","status":"publish","type":"termine","link":"https:\/\/www.ecotechnology.at\/en\/termine\/partec-2019\/","title":{"rendered":"PARTEC 2019"},"content":{"rendered":"<p>Sechs hochkar\u00e4tige Keynote-Speaker werden zur PARTEC, dem internationalen Kongress f\u00fcr Partikeltechnologie im April in N\u00fcrnberg, mit neuesten Erkenntnissen aus ihrer Disziplin f\u00fcr Impulse sorgen. Das Executive Commitee der PARTEC unter Vorsitz von Professor Stefan Heinrich hat jetzt die Keynote-Speaker und Themen bekannt geben. Kongressbesucher k\u00f6nnen sich unter anderem auf Vortragende aus den USA, Gro\u00dfbritannien, Australien und Deutschland freuen. Die Keynotes decken ein breites Themenspektrum ab und ber\u00fchren Anwendungsfelder wie Additive Fertigung oder CO2-Reduktion. Die PARTEC 2019 steht unter dem Motto \u201eParticles for a better life\u201c. \u00dcber 500 wissenschaftliche Teilnehmer werden zu dem englischsprachigen Kongress in N\u00fcrnberg erwartet.&nbsp;<\/p>\n","protected":false},"template":"","termin_category":[],"cmcal_calendar":[],"class_list":["post-20431","termine","type-termine","status-publish","hentry"],"acf":[],"yoast_head":"<!-- This site is optimized with the Yoast SEO plugin v26.9 - https:\/\/yoast.com\/product\/yoast-seo-wordpress\/ -->\n<title>PARTEC 2019 - ecotechnology<\/title>\n<meta name=\"robots\" content=\"index, follow, max-snippet:-1, max-image-preview:large, max-video-preview:-1\" \/>\n<link rel=\"canonical\" href=\"https:\/\/www.ecotechnology.at\/en\/termine\/partec-2019\/\" \/>\n<meta property=\"og:locale\" content=\"en_US\" \/>\n<meta property=\"og:type\" content=\"article\" \/>\n<meta property=\"og:title\" content=\"PARTEC 2019 - ecotechnology\" \/>\n<meta property=\"og:description\" content=\"Sechs hochkar\u00e4tige Keynote-Speaker werden zur PARTEC, dem internationalen Kongress f\u00fcr Partikeltechnologie im April in N\u00fcrnberg, mit neuesten Erkenntnissen aus ihrer Disziplin f\u00fcr Impulse sorgen. Das Executive Commitee der PARTEC unter Vorsitz von Professor Stefan Heinrich hat jetzt die Keynote-Speaker und Themen bekannt geben. Kongressbesucher k\u00f6nnen sich unter anderem auf Vortragende aus den USA, Gro\u00dfbritannien, Australien [&hellip;]\" \/>\n<meta property=\"og:url\" content=\"https:\/\/www.ecotechnology.at\/en\/termine\/partec-2019\/\" \/>\n<meta property=\"og:site_name\" content=\"ecotechnology\" \/>\n<meta name=\"twitter:card\" content=\"summary_large_image\" \/>\n<meta name=\"twitter:label1\" content=\"Est. reading time\" \/>\n\t<meta name=\"twitter:data1\" content=\"1 minute\" \/>\n<script type=\"application\/ld+json\" class=\"yoast-schema-graph\">{\"@context\":\"https:\/\/schema.org\",\"@graph\":[{\"@type\":\"WebPage\",\"@id\":\"https:\/\/www.ecotechnology.at\/en\/termine\/partec-2019\/\",\"url\":\"https:\/\/www.ecotechnology.at\/en\/termine\/partec-2019\/\",\"name\":\"PARTEC 2019 - ecotechnology\",\"isPartOf\":{\"@id\":\"https:\/\/www.ecotechnology.at\/en\/#website\"},\"datePublished\":\"2023-08-09T18:37:25+00:00\",\"breadcrumb\":{\"@id\":\"https:\/\/www.ecotechnology.at\/en\/termine\/partec-2019\/#breadcrumb\"},\"inLanguage\":\"en-US\",\"potentialAction\":[{\"@type\":\"ReadAction\",\"target\":[\"https:\/\/www.ecotechnology.at\/en\/termine\/partec-2019\/\"]}]},{\"@type\":\"BreadcrumbList\",\"@id\":\"https:\/\/www.ecotechnology.at\/en\/termine\/partec-2019\/#breadcrumb\",\"itemListElement\":[{\"@type\":\"ListItem\",\"position\":1,\"name\":\"Home\",\"item\":\"https:\/\/www.ecotechnology.at\/en\/\"},{\"@type\":\"ListItem\",\"position\":2,\"name\":\"Termine\",\"item\":\"https:\/\/www.ecotechnology.at\/en\/termine\/\"},{\"@type\":\"ListItem\",\"position\":3,\"name\":\"PARTEC 2019\"}]},{\"@type\":\"WebSite\",\"@id\":\"https:\/\/www.ecotechnology.at\/en\/#website\",\"url\":\"https:\/\/www.ecotechnology.at\/en\/\",\"name\":\"ecotechnology\",\"description\":\"\",\"publisher\":{\"@id\":\"https:\/\/www.ecotechnology.at\/en\/#organization\"},\"potentialAction\":[{\"@type\":\"SearchAction\",\"target\":{\"@type\":\"EntryPoint\",\"urlTemplate\":\"https:\/\/www.ecotechnology.at\/en\/?s={search_term_string}\"},\"query-input\":{\"@type\":\"PropertyValueSpecification\",\"valueRequired\":true,\"valueName\":\"search_term_string\"}}],\"inLanguage\":\"en-US\"},{\"@type\":\"Organization\",\"@id\":\"https:\/\/www.ecotechnology.at\/en\/#organization\",\"name\":\"ecotechnology\",\"url\":\"https:\/\/www.ecotechnology.at\/en\/\",\"logo\":{\"@type\":\"ImageObject\",\"inLanguage\":\"en-US\",\"@id\":\"https:\/\/www.ecotechnology.at\/en\/#\/schema\/logo\/image\/\",\"url\":\"https:\/\/www.ecotechnology.at\/wp-content\/uploads\/2023\/04\/ecolinks_logo_0.png\",\"contentUrl\":\"https:\/\/www.ecotechnology.at\/wp-content\/uploads\/2023\/04\/ecolinks_logo_0.png\",\"width\":336,\"height\":128,\"caption\":\"ecotechnology\"},\"image\":{\"@id\":\"https:\/\/www.ecotechnology.at\/en\/#\/schema\/logo\/image\/\"}}]}<\/script>\n<!-- \/ Yoast SEO plugin. -->","yoast_head_json":{"title":"PARTEC 2019 - ecotechnology","robots":{"index":"index","follow":"follow","max-snippet":"max-snippet:-1","max-image-preview":"max-image-preview:large","max-video-preview":"max-video-preview:-1"},"canonical":"https:\/\/www.ecotechnology.at\/en\/termine\/partec-2019\/","og_locale":"en_US","og_type":"article","og_title":"PARTEC 2019 - ecotechnology","og_description":"Sechs hochkar\u00e4tige Keynote-Speaker werden zur PARTEC, dem internationalen Kongress f\u00fcr Partikeltechnologie im April in N\u00fcrnberg, mit neuesten Erkenntnissen aus ihrer Disziplin f\u00fcr Impulse sorgen. Das Executive Commitee der PARTEC unter Vorsitz von Professor Stefan Heinrich hat jetzt die Keynote-Speaker und Themen bekannt geben. Kongressbesucher k\u00f6nnen sich unter anderem auf Vortragende aus den USA, Gro\u00dfbritannien, Australien [&hellip;]","og_url":"https:\/\/www.ecotechnology.at\/en\/termine\/partec-2019\/","og_site_name":"ecotechnology","twitter_card":"summary_large_image","twitter_misc":{"Est. reading time":"1 minute"},"schema":{"@context":"https:\/\/schema.org","@graph":[{"@type":"WebPage","@id":"https:\/\/www.ecotechnology.at\/en\/termine\/partec-2019\/","url":"https:\/\/www.ecotechnology.at\/en\/termine\/partec-2019\/","name":"PARTEC 2019 - ecotechnology","isPartOf":{"@id":"https:\/\/www.ecotechnology.at\/en\/#website"},"datePublished":"2023-08-09T18:37:25+00:00","breadcrumb":{"@id":"https:\/\/www.ecotechnology.at\/en\/termine\/partec-2019\/#breadcrumb"},"inLanguage":"en-US","potentialAction":[{"@type":"ReadAction","target":["https:\/\/www.ecotechnology.at\/en\/termine\/partec-2019\/"]}]},{"@type":"BreadcrumbList","@id":"https:\/\/www.ecotechnology.at\/en\/termine\/partec-2019\/#breadcrumb","itemListElement":[{"@type":"ListItem","position":1,"name":"Home","item":"https:\/\/www.ecotechnology.at\/en\/"},{"@type":"ListItem","position":2,"name":"Termine","item":"https:\/\/www.ecotechnology.at\/en\/termine\/"},{"@type":"ListItem","position":3,"name":"PARTEC 2019"}]},{"@type":"WebSite","@id":"https:\/\/www.ecotechnology.at\/en\/#website","url":"https:\/\/www.ecotechnology.at\/en\/","name":"ecotechnology","description":"","publisher":{"@id":"https:\/\/www.ecotechnology.at\/en\/#organization"},"potentialAction":[{"@type":"SearchAction","target":{"@type":"EntryPoint","urlTemplate":"https:\/\/www.ecotechnology.at\/en\/?s={search_term_string}"},"query-input":{"@type":"PropertyValueSpecification","valueRequired":true,"valueName":"search_term_string"}}],"inLanguage":"en-US"},{"@type":"Organization","@id":"https:\/\/www.ecotechnology.at\/en\/#organization","name":"ecotechnology","url":"https:\/\/www.ecotechnology.at\/en\/","logo":{"@type":"ImageObject","inLanguage":"en-US","@id":"https:\/\/www.ecotechnology.at\/en\/#\/schema\/logo\/image\/","url":"https:\/\/www.ecotechnology.at\/wp-content\/uploads\/2023\/04\/ecolinks_logo_0.png","contentUrl":"https:\/\/www.ecotechnology.at\/wp-content\/uploads\/2023\/04\/ecolinks_logo_0.png","width":336,"height":128,"caption":"ecotechnology"},"image":{"@id":"https:\/\/www.ecotechnology.at\/en\/#\/schema\/logo\/image\/"}}]}},"_links":{"self":[{"href":"https:\/\/www.ecotechnology.at\/en\/wp-json\/wp\/v2\/termine\/20431","targetHints":{"allow":["GET"]}}],"collection":[{"href":"https:\/\/www.ecotechnology.at\/en\/wp-json\/wp\/v2\/termine"}],"about":[{"href":"https:\/\/www.ecotechnology.at\/en\/wp-json\/wp\/v2\/types\/termine"}],"version-history":[{"count":0,"href":"https:\/\/www.ecotechnology.at\/en\/wp-json\/wp\/v2\/termine\/20431\/revisions"}],"wp:attachment":[{"href":"https:\/\/www.ecotechnology.at\/en\/wp-json\/wp\/v2\/media?parent=20431"}],"wp:term":[{"taxonomy":"termin_category","embeddable":true,"href":"https:\/\/www.ecotechnology.at\/en\/wp-json\/wp\/v2\/termin_category?post=20431"},{"taxonomy":"cmcal_calendar","embeddable":true,"href":"https:\/\/www.ecotechnology.at\/en\/wp-json\/wp\/v2\/cmcal_calendar?post=20431"}],"curies":[{"name":"wp","href":"https:\/\/api.w.org\/{rel}","templated":true}]}}