{"id":20251,"date":"2023-08-09T20:36:36","date_gmt":"2023-08-09T18:36:36","guid":{"rendered":"http:\/\/ecotechnology.wp.local\/termine\/energiestrategie-und-bioenergie\/"},"modified":"2023-08-09T20:36:36","modified_gmt":"2023-08-09T18:36:36","slug":"energiestrategie-und-bioenergie","status":"publish","type":"termine","link":"https:\/\/www.ecotechnology.at\/en\/termine\/energiestrategie-und-bioenergie\/","title":{"rendered":"Energiestrategie und Bioenergie"},"content":{"rendered":"<p>Der \u00d6sterreichische Biomasse-Verband l\u00e4dt zur Veranstaltung&nbsp;\u201eEnergiestrategie und Bioenergie\u201c am 14. Juni 2018 in die Wiener Urania.<\/p>\n<p>\u00d6sterreich \u00fcbernimmt am 1.&nbsp;Juli den EU-Ratsvorsitz und hat die einmalige Chance, mit einer ambitionierten Klima- und Energiestrategie in ganz Europa das Ende des fossilen Zeitalters einzul\u00e4uten. Die Tagung beleuchtet aus diesem Anlass die n\u00f6tigen Ma\u00dfnahmen, Zeitpl\u00e4ne und Sektorziele f\u00fcr die Umsetzung der Anfang April unter dem Titel #mission2030 pr\u00e4sentierten neuen Klima- und Energiestrategie \u00d6sterreichs. Dar\u00fcber hinaus werden die Klimaschutzpl\u00e4ne Frankreichs, Deutschlands und der Schweiz vorgestellt und gemeinsam mit der \u00f6sterreichischen Strategie diskutiert. Besonderes Augenmerk gilt dabei jeweils der Rolle der Bioenergie innerhalb der Energiestrategie.<\/p>\n<p>Die vielf\u00e4ltigen Reaktionen auf den Entwurf der Klima- und Energiestrategie der Bundesregierung lassen spannende Diskussionen erwarten. Der \u00d6sterreichische Biomasse-Verband erwartet etwa 200 TeilnehmerInnen zur Fachtagung.<\/p>\n<p>Die Anmeldung ist online m\u00f6glich. Registrierung unter:&nbsp;<a href=\"http:\/\/www.biomasseverband.at\/veranstaltungen\/veranstaltungsanmeldung\" target=\"_blank\" rel=\"noopener\">http:\/\/www.biomasseverband.at\/veranstaltungen\/veranstaltungsanmeldung<\/a><\/p>\n<p>&nbsp;<\/p>\n","protected":false},"template":"","termin_category":[],"cmcal_calendar":[],"class_list":["post-20251","termine","type-termine","status-publish","hentry"],"acf":[],"yoast_head":"<!-- This site is optimized with the Yoast SEO plugin v26.9 - https:\/\/yoast.com\/product\/yoast-seo-wordpress\/ -->\n<title>Energiestrategie und Bioenergie - ecotechnology<\/title>\n<meta name=\"robots\" content=\"index, follow, max-snippet:-1, max-image-preview:large, max-video-preview:-1\" \/>\n<link rel=\"canonical\" href=\"https:\/\/www.ecotechnology.at\/en\/termine\/energiestrategie-und-bioenergie\/\" \/>\n<meta property=\"og:locale\" content=\"en_US\" \/>\n<meta property=\"og:type\" content=\"article\" \/>\n<meta property=\"og:title\" content=\"Energiestrategie und Bioenergie - ecotechnology\" \/>\n<meta property=\"og:description\" content=\"Der \u00d6sterreichische Biomasse-Verband l\u00e4dt zur Veranstaltung&nbsp;\u201eEnergiestrategie und Bioenergie\u201c am 14. Juni 2018 in die Wiener Urania. \u00d6sterreich \u00fcbernimmt am 1.&nbsp;Juli den EU-Ratsvorsitz und hat die einmalige Chance, mit einer ambitionierten Klima- und Energiestrategie in ganz Europa das Ende des fossilen Zeitalters einzul\u00e4uten. Die Tagung beleuchtet aus diesem Anlass die n\u00f6tigen Ma\u00dfnahmen, Zeitpl\u00e4ne und Sektorziele f\u00fcr [&hellip;]\" \/>\n<meta property=\"og:url\" content=\"https:\/\/www.ecotechnology.at\/en\/termine\/energiestrategie-und-bioenergie\/\" \/>\n<meta property=\"og:site_name\" content=\"ecotechnology\" \/>\n<meta name=\"twitter:card\" content=\"summary_large_image\" \/>\n<meta name=\"twitter:label1\" content=\"Est. reading time\" \/>\n\t<meta name=\"twitter:data1\" content=\"1 minute\" \/>\n<script type=\"application\/ld+json\" class=\"yoast-schema-graph\">{\"@context\":\"https:\/\/schema.org\",\"@graph\":[{\"@type\":\"WebPage\",\"@id\":\"https:\/\/www.ecotechnology.at\/en\/termine\/energiestrategie-und-bioenergie\/\",\"url\":\"https:\/\/www.ecotechnology.at\/en\/termine\/energiestrategie-und-bioenergie\/\",\"name\":\"Energiestrategie und Bioenergie - ecotechnology\",\"isPartOf\":{\"@id\":\"https:\/\/www.ecotechnology.at\/en\/#website\"},\"datePublished\":\"2023-08-09T18:36:36+00:00\",\"breadcrumb\":{\"@id\":\"https:\/\/www.ecotechnology.at\/en\/termine\/energiestrategie-und-bioenergie\/#breadcrumb\"},\"inLanguage\":\"en-US\",\"potentialAction\":[{\"@type\":\"ReadAction\",\"target\":[\"https:\/\/www.ecotechnology.at\/en\/termine\/energiestrategie-und-bioenergie\/\"]}]},{\"@type\":\"BreadcrumbList\",\"@id\":\"https:\/\/www.ecotechnology.at\/en\/termine\/energiestrategie-und-bioenergie\/#breadcrumb\",\"itemListElement\":[{\"@type\":\"ListItem\",\"position\":1,\"name\":\"Home\",\"item\":\"https:\/\/www.ecotechnology.at\/en\/\"},{\"@type\":\"ListItem\",\"position\":2,\"name\":\"Termine\",\"item\":\"https:\/\/www.ecotechnology.at\/en\/termine\/\"},{\"@type\":\"ListItem\",\"position\":3,\"name\":\"Energiestrategie und Bioenergie\"}]},{\"@type\":\"WebSite\",\"@id\":\"https:\/\/www.ecotechnology.at\/en\/#website\",\"url\":\"https:\/\/www.ecotechnology.at\/en\/\",\"name\":\"ecotechnology\",\"description\":\"\",\"publisher\":{\"@id\":\"https:\/\/www.ecotechnology.at\/en\/#organization\"},\"potentialAction\":[{\"@type\":\"SearchAction\",\"target\":{\"@type\":\"EntryPoint\",\"urlTemplate\":\"https:\/\/www.ecotechnology.at\/en\/?s={search_term_string}\"},\"query-input\":{\"@type\":\"PropertyValueSpecification\",\"valueRequired\":true,\"valueName\":\"search_term_string\"}}],\"inLanguage\":\"en-US\"},{\"@type\":\"Organization\",\"@id\":\"https:\/\/www.ecotechnology.at\/en\/#organization\",\"name\":\"ecotechnology\",\"url\":\"https:\/\/www.ecotechnology.at\/en\/\",\"logo\":{\"@type\":\"ImageObject\",\"inLanguage\":\"en-US\",\"@id\":\"https:\/\/www.ecotechnology.at\/en\/#\/schema\/logo\/image\/\",\"url\":\"https:\/\/www.ecotechnology.at\/wp-content\/uploads\/2023\/04\/ecolinks_logo_0.png\",\"contentUrl\":\"https:\/\/www.ecotechnology.at\/wp-content\/uploads\/2023\/04\/ecolinks_logo_0.png\",\"width\":336,\"height\":128,\"caption\":\"ecotechnology\"},\"image\":{\"@id\":\"https:\/\/www.ecotechnology.at\/en\/#\/schema\/logo\/image\/\"}}]}<\/script>\n<!-- \/ Yoast SEO plugin. -->","yoast_head_json":{"title":"Energiestrategie und Bioenergie - ecotechnology","robots":{"index":"index","follow":"follow","max-snippet":"max-snippet:-1","max-image-preview":"max-image-preview:large","max-video-preview":"max-video-preview:-1"},"canonical":"https:\/\/www.ecotechnology.at\/en\/termine\/energiestrategie-und-bioenergie\/","og_locale":"en_US","og_type":"article","og_title":"Energiestrategie und Bioenergie - ecotechnology","og_description":"Der \u00d6sterreichische Biomasse-Verband l\u00e4dt zur Veranstaltung&nbsp;\u201eEnergiestrategie und Bioenergie\u201c am 14. Juni 2018 in die Wiener Urania. \u00d6sterreich \u00fcbernimmt am 1.&nbsp;Juli den EU-Ratsvorsitz und hat die einmalige Chance, mit einer ambitionierten Klima- und Energiestrategie in ganz Europa das Ende des fossilen Zeitalters einzul\u00e4uten. Die Tagung beleuchtet aus diesem Anlass die n\u00f6tigen Ma\u00dfnahmen, Zeitpl\u00e4ne und Sektorziele f\u00fcr [&hellip;]","og_url":"https:\/\/www.ecotechnology.at\/en\/termine\/energiestrategie-und-bioenergie\/","og_site_name":"ecotechnology","twitter_card":"summary_large_image","twitter_misc":{"Est. reading time":"1 minute"},"schema":{"@context":"https:\/\/schema.org","@graph":[{"@type":"WebPage","@id":"https:\/\/www.ecotechnology.at\/en\/termine\/energiestrategie-und-bioenergie\/","url":"https:\/\/www.ecotechnology.at\/en\/termine\/energiestrategie-und-bioenergie\/","name":"Energiestrategie und Bioenergie - ecotechnology","isPartOf":{"@id":"https:\/\/www.ecotechnology.at\/en\/#website"},"datePublished":"2023-08-09T18:36:36+00:00","breadcrumb":{"@id":"https:\/\/www.ecotechnology.at\/en\/termine\/energiestrategie-und-bioenergie\/#breadcrumb"},"inLanguage":"en-US","potentialAction":[{"@type":"ReadAction","target":["https:\/\/www.ecotechnology.at\/en\/termine\/energiestrategie-und-bioenergie\/"]}]},{"@type":"BreadcrumbList","@id":"https:\/\/www.ecotechnology.at\/en\/termine\/energiestrategie-und-bioenergie\/#breadcrumb","itemListElement":[{"@type":"ListItem","position":1,"name":"Home","item":"https:\/\/www.ecotechnology.at\/en\/"},{"@type":"ListItem","position":2,"name":"Termine","item":"https:\/\/www.ecotechnology.at\/en\/termine\/"},{"@type":"ListItem","position":3,"name":"Energiestrategie und Bioenergie"}]},{"@type":"WebSite","@id":"https:\/\/www.ecotechnology.at\/en\/#website","url":"https:\/\/www.ecotechnology.at\/en\/","name":"ecotechnology","description":"","publisher":{"@id":"https:\/\/www.ecotechnology.at\/en\/#organization"},"potentialAction":[{"@type":"SearchAction","target":{"@type":"EntryPoint","urlTemplate":"https:\/\/www.ecotechnology.at\/en\/?s={search_term_string}"},"query-input":{"@type":"PropertyValueSpecification","valueRequired":true,"valueName":"search_term_string"}}],"inLanguage":"en-US"},{"@type":"Organization","@id":"https:\/\/www.ecotechnology.at\/en\/#organization","name":"ecotechnology","url":"https:\/\/www.ecotechnology.at\/en\/","logo":{"@type":"ImageObject","inLanguage":"en-US","@id":"https:\/\/www.ecotechnology.at\/en\/#\/schema\/logo\/image\/","url":"https:\/\/www.ecotechnology.at\/wp-content\/uploads\/2023\/04\/ecolinks_logo_0.png","contentUrl":"https:\/\/www.ecotechnology.at\/wp-content\/uploads\/2023\/04\/ecolinks_logo_0.png","width":336,"height":128,"caption":"ecotechnology"},"image":{"@id":"https:\/\/www.ecotechnology.at\/en\/#\/schema\/logo\/image\/"}}]}},"_links":{"self":[{"href":"https:\/\/www.ecotechnology.at\/en\/wp-json\/wp\/v2\/termine\/20251","targetHints":{"allow":["GET"]}}],"collection":[{"href":"https:\/\/www.ecotechnology.at\/en\/wp-json\/wp\/v2\/termine"}],"about":[{"href":"https:\/\/www.ecotechnology.at\/en\/wp-json\/wp\/v2\/types\/termine"}],"version-history":[{"count":0,"href":"https:\/\/www.ecotechnology.at\/en\/wp-json\/wp\/v2\/termine\/20251\/revisions"}],"wp:attachment":[{"href":"https:\/\/www.ecotechnology.at\/en\/wp-json\/wp\/v2\/media?parent=20251"}],"wp:term":[{"taxonomy":"termin_category","embeddable":true,"href":"https:\/\/www.ecotechnology.at\/en\/wp-json\/wp\/v2\/termin_category?post=20251"},{"taxonomy":"cmcal_calendar","embeddable":true,"href":"https:\/\/www.ecotechnology.at\/en\/wp-json\/wp\/v2\/cmcal_calendar?post=20251"}],"curies":[{"name":"wp","href":"https:\/\/api.w.org\/{rel}","templated":true}]}}