{"id":16092,"date":"2023-07-23T14:05:39","date_gmt":"2023-07-23T12:05:39","guid":{"rendered":"http:\/\/ecotechnology.wp.local\/termine\/europaeisches-forum-alpbach-2023\/"},"modified":"2023-08-09T20:41:02","modified_gmt":"2023-08-09T18:41:02","slug":"europaeisches-forum-alpbach-2023","status":"publish","type":"termine","link":"https:\/\/www.ecotechnology.at\/en\/termine\/europaeisches-forum-alpbach-2023\/","title":{"rendered":"Europ\u00e4isches Forum Alpbach 2023"},"content":{"rendered":"\t\t<div data-elementor-type=\"wp-post\" data-elementor-id=\"16092\" class=\"elementor elementor-16092\" data-elementor-post-type=\"termine\">\n\t\t\t\t\t\t<section class=\"elementor-section elementor-top-section elementor-element elementor-element-1237c697 elementor-section-boxed elementor-section-height-default elementor-section-height-default\" data-id=\"1237c697\" data-element_type=\"section\" data-e-type=\"section\">\n\t\t\t\t\t\t<div class=\"elementor-container elementor-column-gap-default\">\n\t\t\t\t\t<div class=\"elementor-column elementor-col-100 elementor-top-column elementor-element elementor-element-2e23547a\" data-id=\"2e23547a\" data-element_type=\"column\" data-e-type=\"column\">\n\t\t\t<div class=\"elementor-widget-wrap elementor-element-populated\">\n\t\t\t\t\t\t<div class=\"elementor-element elementor-element-6c0dc651 elementor-widget elementor-widget-text-editor\" data-id=\"6c0dc651\" data-element_type=\"widget\" data-e-type=\"widget\" data-widget_type=\"text-editor.default\">\n\t\t\t\t<div class=\"elementor-widget-container\">\n\t\t\t\t\t\t\t\t\t<p>TIROL-TAG, 20.8. \u2013 ein Forum f\u00fcr jene, die lokale L\u00f6sungen f\u00fcr die globalen Herausforderungen finden Menschen aus der Europaregion Tirol\/S\u00fcdtirol\/Trentino kommen in Alpbach zusammen. Der Tirol-Tag ist frei zug\u00e4nglich und bietet einen feierlichen Rahmen f\u00fcr die Bewohner:innen dieser Euregio-Region.<\/p><p>ALPBACH SEMINARS, 19.-24.8. \u2013 ein Forum des Lernens, Diskurses und Engagements f\u00fcr aufstrebende Talente<\/p><p>Zum EFA kommen j\u00e4hrlich rund 600 junge Stipendiat:innen. Vier aufeinander aufbauende Seminartage halten Inspiration und Denkanst\u00f6\u00dfe f\u00fcr sie bereit. Eine Teilnahme an den Alpbach Seminars ist in diesem Jahr auch via Ticketkauf m\u00f6glich.<\/p><p>LAB DAYS, 24.-27.8. \u2013 ein Forum f\u00fcr innovative K\u00f6pfe, die L\u00f6sungen f\u00fcr ein konkretes Thema erarbeiten<\/p><p>An den Vormittagen der Lab Days widmen sich ausgew\u00e4hlte Teilnehmer:innen spezifischen Fragestellungen und arbeiten zusammen an konkreten L\u00f6sungen. Dar\u00fcber hinaus finden wie gewohnt Hikes, Chats und Stages f\u00fcr den Austausch der internationalen Besucher:innen statt.<\/p><p>EUROPE IN THE WORLD DAYS, 27.-30.8. \u2013 ein Forum f\u00fcr Europ\u00e4er:innen, die ein starkes und demokratisches Europa gestalten<\/p><p>Die Entscheidungstr\u00e4ger:innen der europ\u00e4ischen Politik, Wirtschaft, Wissenschaft und Kultur treffen sich f\u00fcr den Saisonauftakt in Alpbach. In innovativen Formaten und gemeinsam mit den Stipendiat:innen diskutieren sie jene Themenschwerpunkte, die Europa derzeit besch\u00e4ftigen: Climate, Finance and Economy, Democracy und Security.<\/p><p>AUSTRIA IN EUROPE DAYS, 30.8.-2.9. \u2013 ein Forum f\u00fcr die Gestaltung Europas aus \u00f6sterreichischer Perspektive<\/p><p>Die Austria in Europe Days gelten in \u00d6sterreich als Saisonauftakt. Inhaltlich geht es um die Rolle \u00d6sterreichs in Europa und vice versa. Die wichtigsten Akteur:innen der Zivilgesellschaft sowie Unternehmer:innen und Politiker:innen kommen nach Alpbach. Die EFA-Formate (Hikes, Chats, Stages, Workshops, Rituals) bieten ihnen den Rahmen, um miteinander und mit der jungen Generation in produktiven Austausch zu gehen.<\/p>\t\t\t\t\t\t\t\t<\/div>\n\t\t\t\t<\/div>\n\t\t\t\t\t<\/div>\n\t\t<\/div>\n\t\t\t\t\t<\/div>\n\t\t<\/section>\n\t\t\t\t<\/div>\n\t\t","protected":false},"template":"","termin_category":[67],"cmcal_calendar":[],"class_list":["post-16092","termine","type-termine","status-publish","hentry","termin_category-empfohlener-termin"],"acf":[],"yoast_head":"<!-- This site is optimized with the Yoast SEO plugin v26.9 - https:\/\/yoast.com\/product\/yoast-seo-wordpress\/ -->\n<title>Europ\u00e4isches Forum Alpbach 2023 - ecotechnology<\/title>\n<meta name=\"robots\" content=\"index, follow, max-snippet:-1, max-image-preview:large, max-video-preview:-1\" \/>\n<link rel=\"canonical\" href=\"https:\/\/www.ecotechnology.at\/en\/termine\/europaeisches-forum-alpbach-2023\/\" \/>\n<meta property=\"og:locale\" content=\"en_US\" \/>\n<meta property=\"og:type\" content=\"article\" \/>\n<meta property=\"og:title\" content=\"Europ\u00e4isches Forum Alpbach 2023 - ecotechnology\" \/>\n<meta property=\"og:description\" content=\"TIROL-TAG, 20.8. \u2013 ein Forum f\u00fcr jene, die lokale L\u00f6sungen f\u00fcr die globalen Herausforderungen finden Menschen aus der Europaregion Tirol\/S\u00fcdtirol\/Trentino kommen in Alpbach zusammen. Der Tirol-Tag ist frei zug\u00e4nglich und bietet einen feierlichen Rahmen f\u00fcr die Bewohner:innen dieser Euregio-Region. ALPBACH SEMINARS, 19.-24.8. \u2013 ein Forum des Lernens, Diskurses und Engagements f\u00fcr aufstrebende Talente Zum EFA [&hellip;]\" \/>\n<meta property=\"og:url\" content=\"https:\/\/www.ecotechnology.at\/en\/termine\/europaeisches-forum-alpbach-2023\/\" \/>\n<meta property=\"og:site_name\" content=\"ecotechnology\" \/>\n<meta property=\"article:modified_time\" content=\"2023-08-09T18:41:02+00:00\" \/>\n<meta name=\"twitter:card\" content=\"summary_large_image\" \/>\n<meta name=\"twitter:label1\" content=\"Est. reading time\" \/>\n\t<meta name=\"twitter:data1\" content=\"2 minutes\" \/>\n<script type=\"application\/ld+json\" class=\"yoast-schema-graph\">{\"@context\":\"https:\/\/schema.org\",\"@graph\":[{\"@type\":\"WebPage\",\"@id\":\"https:\/\/www.ecotechnology.at\/en\/termine\/europaeisches-forum-alpbach-2023\/\",\"url\":\"https:\/\/www.ecotechnology.at\/en\/termine\/europaeisches-forum-alpbach-2023\/\",\"name\":\"Europ\u00e4isches Forum Alpbach 2023 - ecotechnology\",\"isPartOf\":{\"@id\":\"https:\/\/www.ecotechnology.at\/en\/#website\"},\"datePublished\":\"2023-07-23T12:05:39+00:00\",\"dateModified\":\"2023-08-09T18:41:02+00:00\",\"breadcrumb\":{\"@id\":\"https:\/\/www.ecotechnology.at\/en\/termine\/europaeisches-forum-alpbach-2023\/#breadcrumb\"},\"inLanguage\":\"en-US\",\"potentialAction\":[{\"@type\":\"ReadAction\",\"target\":[\"https:\/\/www.ecotechnology.at\/en\/termine\/europaeisches-forum-alpbach-2023\/\"]}]},{\"@type\":\"BreadcrumbList\",\"@id\":\"https:\/\/www.ecotechnology.at\/en\/termine\/europaeisches-forum-alpbach-2023\/#breadcrumb\",\"itemListElement\":[{\"@type\":\"ListItem\",\"position\":1,\"name\":\"Home\",\"item\":\"https:\/\/www.ecotechnology.at\/en\/\"},{\"@type\":\"ListItem\",\"position\":2,\"name\":\"Termine\",\"item\":\"https:\/\/www.ecotechnology.at\/en\/termine\/\"},{\"@type\":\"ListItem\",\"position\":3,\"name\":\"Europ\u00e4isches Forum Alpbach 2023\"}]},{\"@type\":\"WebSite\",\"@id\":\"https:\/\/www.ecotechnology.at\/en\/#website\",\"url\":\"https:\/\/www.ecotechnology.at\/en\/\",\"name\":\"ecotechnology\",\"description\":\"\",\"publisher\":{\"@id\":\"https:\/\/www.ecotechnology.at\/en\/#organization\"},\"potentialAction\":[{\"@type\":\"SearchAction\",\"target\":{\"@type\":\"EntryPoint\",\"urlTemplate\":\"https:\/\/www.ecotechnology.at\/en\/?s={search_term_string}\"},\"query-input\":{\"@type\":\"PropertyValueSpecification\",\"valueRequired\":true,\"valueName\":\"search_term_string\"}}],\"inLanguage\":\"en-US\"},{\"@type\":\"Organization\",\"@id\":\"https:\/\/www.ecotechnology.at\/en\/#organization\",\"name\":\"ecotechnology\",\"url\":\"https:\/\/www.ecotechnology.at\/en\/\",\"logo\":{\"@type\":\"ImageObject\",\"inLanguage\":\"en-US\",\"@id\":\"https:\/\/www.ecotechnology.at\/en\/#\/schema\/logo\/image\/\",\"url\":\"https:\/\/www.ecotechnology.at\/wp-content\/uploads\/2023\/04\/ecolinks_logo_0.png\",\"contentUrl\":\"https:\/\/www.ecotechnology.at\/wp-content\/uploads\/2023\/04\/ecolinks_logo_0.png\",\"width\":336,\"height\":128,\"caption\":\"ecotechnology\"},\"image\":{\"@id\":\"https:\/\/www.ecotechnology.at\/en\/#\/schema\/logo\/image\/\"}}]}<\/script>\n<!-- \/ Yoast SEO plugin. -->","yoast_head_json":{"title":"Europ\u00e4isches Forum Alpbach 2023 - ecotechnology","robots":{"index":"index","follow":"follow","max-snippet":"max-snippet:-1","max-image-preview":"max-image-preview:large","max-video-preview":"max-video-preview:-1"},"canonical":"https:\/\/www.ecotechnology.at\/en\/termine\/europaeisches-forum-alpbach-2023\/","og_locale":"en_US","og_type":"article","og_title":"Europ\u00e4isches Forum Alpbach 2023 - ecotechnology","og_description":"TIROL-TAG, 20.8. \u2013 ein Forum f\u00fcr jene, die lokale L\u00f6sungen f\u00fcr die globalen Herausforderungen finden Menschen aus der Europaregion Tirol\/S\u00fcdtirol\/Trentino kommen in Alpbach zusammen. Der Tirol-Tag ist frei zug\u00e4nglich und bietet einen feierlichen Rahmen f\u00fcr die Bewohner:innen dieser Euregio-Region. ALPBACH SEMINARS, 19.-24.8. \u2013 ein Forum des Lernens, Diskurses und Engagements f\u00fcr aufstrebende Talente Zum EFA [&hellip;]","og_url":"https:\/\/www.ecotechnology.at\/en\/termine\/europaeisches-forum-alpbach-2023\/","og_site_name":"ecotechnology","article_modified_time":"2023-08-09T18:41:02+00:00","twitter_card":"summary_large_image","twitter_misc":{"Est. reading time":"2 minutes"},"schema":{"@context":"https:\/\/schema.org","@graph":[{"@type":"WebPage","@id":"https:\/\/www.ecotechnology.at\/en\/termine\/europaeisches-forum-alpbach-2023\/","url":"https:\/\/www.ecotechnology.at\/en\/termine\/europaeisches-forum-alpbach-2023\/","name":"Europ\u00e4isches Forum Alpbach 2023 - ecotechnology","isPartOf":{"@id":"https:\/\/www.ecotechnology.at\/en\/#website"},"datePublished":"2023-07-23T12:05:39+00:00","dateModified":"2023-08-09T18:41:02+00:00","breadcrumb":{"@id":"https:\/\/www.ecotechnology.at\/en\/termine\/europaeisches-forum-alpbach-2023\/#breadcrumb"},"inLanguage":"en-US","potentialAction":[{"@type":"ReadAction","target":["https:\/\/www.ecotechnology.at\/en\/termine\/europaeisches-forum-alpbach-2023\/"]}]},{"@type":"BreadcrumbList","@id":"https:\/\/www.ecotechnology.at\/en\/termine\/europaeisches-forum-alpbach-2023\/#breadcrumb","itemListElement":[{"@type":"ListItem","position":1,"name":"Home","item":"https:\/\/www.ecotechnology.at\/en\/"},{"@type":"ListItem","position":2,"name":"Termine","item":"https:\/\/www.ecotechnology.at\/en\/termine\/"},{"@type":"ListItem","position":3,"name":"Europ\u00e4isches Forum Alpbach 2023"}]},{"@type":"WebSite","@id":"https:\/\/www.ecotechnology.at\/en\/#website","url":"https:\/\/www.ecotechnology.at\/en\/","name":"ecotechnology","description":"","publisher":{"@id":"https:\/\/www.ecotechnology.at\/en\/#organization"},"potentialAction":[{"@type":"SearchAction","target":{"@type":"EntryPoint","urlTemplate":"https:\/\/www.ecotechnology.at\/en\/?s={search_term_string}"},"query-input":{"@type":"PropertyValueSpecification","valueRequired":true,"valueName":"search_term_string"}}],"inLanguage":"en-US"},{"@type":"Organization","@id":"https:\/\/www.ecotechnology.at\/en\/#organization","name":"ecotechnology","url":"https:\/\/www.ecotechnology.at\/en\/","logo":{"@type":"ImageObject","inLanguage":"en-US","@id":"https:\/\/www.ecotechnology.at\/en\/#\/schema\/logo\/image\/","url":"https:\/\/www.ecotechnology.at\/wp-content\/uploads\/2023\/04\/ecolinks_logo_0.png","contentUrl":"https:\/\/www.ecotechnology.at\/wp-content\/uploads\/2023\/04\/ecolinks_logo_0.png","width":336,"height":128,"caption":"ecotechnology"},"image":{"@id":"https:\/\/www.ecotechnology.at\/en\/#\/schema\/logo\/image\/"}}]}},"_links":{"self":[{"href":"https:\/\/www.ecotechnology.at\/en\/wp-json\/wp\/v2\/termine\/16092","targetHints":{"allow":["GET"]}}],"collection":[{"href":"https:\/\/www.ecotechnology.at\/en\/wp-json\/wp\/v2\/termine"}],"about":[{"href":"https:\/\/www.ecotechnology.at\/en\/wp-json\/wp\/v2\/types\/termine"}],"version-history":[{"count":5,"href":"https:\/\/www.ecotechnology.at\/en\/wp-json\/wp\/v2\/termine\/16092\/revisions"}],"predecessor-version":[{"id":21069,"href":"https:\/\/www.ecotechnology.at\/en\/wp-json\/wp\/v2\/termine\/16092\/revisions\/21069"}],"wp:attachment":[{"href":"https:\/\/www.ecotechnology.at\/en\/wp-json\/wp\/v2\/media?parent=16092"}],"wp:term":[{"taxonomy":"termin_category","embeddable":true,"href":"https:\/\/www.ecotechnology.at\/en\/wp-json\/wp\/v2\/termin_category?post=16092"},{"taxonomy":"cmcal_calendar","embeddable":true,"href":"https:\/\/www.ecotechnology.at\/en\/wp-json\/wp\/v2\/cmcal_calendar?post=16092"}],"curies":[{"name":"wp","href":"https:\/\/api.w.org\/{rel}","templated":true}]}}